{"id":14106,"date":"2022-03-30T12:50:24","date_gmt":"2022-03-30T12:50:24","guid":{"rendered":"https:\/\/ahpcc.ro\/?page_id=14106"},"modified":"2023-08-14T09:03:38","modified_gmt":"2023-08-14T09:03:38","slug":"formare-profesionala-initiala","status":"publish","type":"page","link":"https:\/\/ahpcc.ro\/en\/formare-profesionala-initiala\/","title":{"rendered":"Formare profesionala initiala"},"content":{"rendered":"<div data-elementor-type=\"wp-page\" data-elementor-id=\"14106\" class=\"elementor elementor-14106\">\n\t\t\t\t\t\t<section class=\"elementor-section elementor-top-section elementor-element elementor-element-a21478c elementor-section-boxed elementor-section-height-default elementor-section-height-default\" data-id=\"a21478c\" data-element_type=\"section\">\n\t\t\t\t\t\t<div class=\"elementor-container elementor-column-gap-default\">\n\t\t\t\t\t<div class=\"elementor-column elementor-col-100 elementor-top-column elementor-element elementor-element-2b3adb8\" data-id=\"2b3adb8\" data-element_type=\"column\">\n\t\t\t<div class=\"elementor-widget-wrap elementor-element-populated\">\n\t\t\t\t\t\t<div class=\"elementor-element elementor-element-9ad00e2 elementor-widget elementor-widget-text-editor\" data-id=\"9ad00e2\" data-element_type=\"widget\" data-widget_type=\"text-editor.default\">\n\t\t\t\t<div class=\"elementor-widget-container\">\n\t\t\t\t\t\t\t\t\t<h2><strong>FORMARE DE BAZA \u00ceN PSIHOTERAPIE COGNITIV-COMPORTAMENTAL\u0102 &#8211; BUCURE\u015eTI<\/strong><\/h2>\t\t\t\t\t\t\t\t<\/div>\n\t\t\t\t<\/div>\n\t\t\t\t<div class=\"elementor-element elementor-element-9385444 elementor-widget elementor-widget-text-editor\" data-id=\"9385444\" data-element_type=\"widget\" data-widget_type=\"text-editor.default\">\n\t\t\t\t<div class=\"elementor-widget-container\">\n\t\t\t\t\t\t\t\t\t<p><strong>ASOCIA\u0162IA DE HIPNOTERAPIE \u015eI PSIHOTERAPIE COGNITIV-COMPORTAMENTAL\u0102 (AHPCC)<\/strong>, cu sediul \u00een Bucure\u015fti, CIF 18999600, \u00eenregistrat\u0103 la Colegiul Psihologilor din Rom\u00e2nia, cu aviz nr. RF-II-B-10 din 23\/11\/2006, \u00eenregistrata \u00een Registrul Asocia\u0163iilor \u015fi Funda\u0163iilor din Rom\u00e2nia 2862\/A\/2006, organizeaz\u0103 cursuri de formare ini\u0163ial\u0103 specializat\u0103 \u00een psihoterapie cognitiv-comportamental\u0103 \u015fi hipnoterapie.<\/p><p>Formarea ini\u0163ial\u0103 este acreditat\u0103 \u015fi se desf\u0103\u015foar\u0103 \u00een acord cu normele impuse de c\u0103tre Colegiul Psihologilor din Rom\u00e2nia, \u00een temeiul dispozi\u0163iei Legii nr. 213\/2004 \u015fi a normelor metodologice de aplicare a Legii nr. 213\/2004, aprobate prin H.G. nr. 788\/2005.<\/p><p>Asocia\u0163ia AHPCC este reprezentat\u0103 prin <strong>dl. asist.univ.dr. \u0162epurlui Petri\u015for \u2013 Pre\u015fedint<\/strong>e.<\/p><p>Formatorii care sus\u0163in acest curs sunt acredita\u0163i \u00een Psihoterapie Cognitiv-Comportamental\u0103, conform cerin\u0163elor Colegiului Psihologilor din Rom\u00e2nia.<\/p>\t\t\t\t\t\t\t\t<\/div>\n\t\t\t\t<\/div>\n\t\t\t\t<section class=\"elementor-section elementor-inner-section elementor-element elementor-element-4f4c72a elementor-section-content-middle elementor-section-boxed elementor-section-height-default elementor-section-height-default\" data-id=\"4f4c72a\" data-element_type=\"section\" data-settings=\"{&quot;background_background&quot;:&quot;classic&quot;}\">\n\t\t\t\t\t\t<div class=\"elementor-container elementor-column-gap-default\">\n\t\t\t\t\t<div class=\"elementor-column elementor-col-50 elementor-inner-column elementor-element elementor-element-a04ba59\" data-id=\"a04ba59\" data-element_type=\"column\">\n\t\t\t<div class=\"elementor-widget-wrap elementor-element-populated\">\n\t\t\t\t\t\t<div class=\"elementor-element elementor-element-ae1ddd2 elementor-widget elementor-widget-text-editor\" data-id=\"ae1ddd2\" data-element_type=\"widget\" data-widget_type=\"text-editor.default\">\n\t\t\t\t<div class=\"elementor-widget-container\">\n\t\t\t\t\t\t\t\t\t<p><strong>Cursurile de formare de baz\u0103 se adreseaz\u0103 absolven\u0163ilor de licen\u0163a \u00een psihologie<\/strong> care doresc s\u0103 ob\u0163in\u0103 atestatul de liber\u0103 practic\u0103 \u00een psihoterapie cognitiv-comportamental\u0103 \u015fi hipnoterapie.<\/p><p>Pentru absolven\u0163ii facult\u0103\u0163ilor de medicin\u0103, asisten\u0163\u0103 social\u0103, pedagogie, psihopedagogie special\u0103, filosofie, teologie, este necesar un pachet de completare a studiilor, conform condi\u0163iilor Colegiului Psihologilor din Rom\u00e2nia. Acesta se poate face la una dintre Facult\u0103\u0163ile de Psihologie care ofer\u0103 programe de licen\u0163\u0103 \u00een psihologie. Pachetul de completare a studiilor poate fi urmat spre finalul form\u0103rii de baz\u0103.<\/p><p><strong>Asociatia AHPCC nu asigura desfasurarea acestui pachet.<\/strong><\/p>\t\t\t\t\t\t\t\t<\/div>\n\t\t\t\t<\/div>\n\t\t\t\t\t<\/div>\n\t\t<\/div>\n\t\t\t\t<div class=\"elementor-column elementor-col-50 elementor-inner-column elementor-element elementor-element-11e6277\" data-id=\"11e6277\" data-element_type=\"column\">\n\t\t\t<div class=\"elementor-widget-wrap elementor-element-populated\">\n\t\t\t\t\t\t<div class=\"elementor-element elementor-element-d433430 elementor-widget elementor-widget-image\" data-id=\"d433430\" data-element_type=\"widget\" data-widget_type=\"image.default\">\n\t\t\t\t<div class=\"elementor-widget-container\">\n\t\t\t\t\t\t\t\t\t\t\t\t\t\t\t<img fetchpriority=\"high\" decoding=\"async\" width=\"640\" height=\"427\" src=\"https:\/\/ahpcc.ro\/wp-content\/uploads\/2023\/05\/publicatii-1024x683.jpg\" class=\"attachment-large size-large wp-image-14795\" alt=\"\" srcset=\"https:\/\/ahpcc.ro\/wp-content\/uploads\/2023\/05\/publicatii-1024x683.jpg 1024w, https:\/\/ahpcc.ro\/wp-content\/uploads\/2023\/05\/publicatii-300x200.jpg 300w, https:\/\/ahpcc.ro\/wp-content\/uploads\/2023\/05\/publicatii-768x512.jpg 768w, https:\/\/ahpcc.ro\/wp-content\/uploads\/2023\/05\/publicatii-1536x1024.jpg 1536w, https:\/\/ahpcc.ro\/wp-content\/uploads\/2023\/05\/publicatii-600x400.jpg 600w, https:\/\/ahpcc.ro\/wp-content\/uploads\/2023\/05\/publicatii.jpg 1920w\" sizes=\"(max-width: 640px) 100vw, 640px\" \/>\t\t\t\t\t\t\t\t\t\t\t\t\t\t\t<\/div>\n\t\t\t\t<\/div>\n\t\t\t\t\t<\/div>\n\t\t<\/div>\n\t\t\t\t\t<\/div>\n\t\t<\/section>\n\t\t\t\t<div class=\"elementor-element elementor-element-7af5016 elementor-widget elementor-widget-spacer\" data-id=\"7af5016\" data-element_type=\"widget\" data-widget_type=\"spacer.default\">\n\t\t\t\t<div class=\"elementor-widget-container\">\n\t\t\t\t\t\t\t<div class=\"elementor-spacer\">\n\t\t\t<div class=\"elementor-spacer-inner\"><\/div>\n\t\t<\/div>\n\t\t\t\t\t\t<\/div>\n\t\t\t\t<\/div>\n\t\t\t\t<div class=\"elementor-element elementor-element-bcf3120 elementor-widget elementor-widget-text-editor\" data-id=\"bcf3120\" data-element_type=\"widget\" data-widget_type=\"text-editor.default\">\n\t\t\t\t<div class=\"elementor-widget-container\">\n\t\t\t\t\t\t\t\t\t<h2><strong>DESF\u0102\u015eURARE<\/strong><\/h2>\t\t\t\t\t\t\t\t<\/div>\n\t\t\t\t<\/div>\n\t\t\t\t<div class=\"elementor-element elementor-element-5d446f0 elementor-widget elementor-widget-text-editor\" data-id=\"5d446f0\" data-element_type=\"widget\" data-widget_type=\"text-editor.default\">\n\t\t\t\t<div class=\"elementor-widget-container\">\n\t\t\t\t\t\t\t\t\t<p>Cursurile de formare de baz\u0103 sunt distribuite pe durata a 29 de luni consecutive (excep\u0163ie luna august, c\u00e2nd nu se organizeaz\u0103 cursuri). Se desf\u0103\u015foar\u0103 \u00een weekend, s\u00e2mbata \u015fi duminica, o singur\u0103 dat\u0103 pe lun\u0103: face excep\u0163ie perioada de 10 luni, \u00een care se desf\u0103\u015foar\u0103 reziden\u0163iatul, iar cursurile vor avea loc vinerea, s\u00e2mb\u0103ta \u015fi duminica. Datele de curs vor fi stabilite \u015fi anuntate cu cel pu\u0163in trei luni \u00eenainte.<\/p>\t\t\t\t\t\t\t\t<\/div>\n\t\t\t\t<\/div>\n\t\t\t\t<div class=\"elementor-element elementor-element-67fe034 elementor-widget elementor-widget-text-editor\" data-id=\"67fe034\" data-element_type=\"widget\" data-widget_type=\"text-editor.default\">\n\t\t\t\t<div class=\"elementor-widget-container\">\n\t\t\t\t\t\t\t\t\t<h3><strong>Distribu\u0163ia \u015fedin\u0163elor:<\/strong><\/h3>\t\t\t\t\t\t\t\t<\/div>\n\t\t\t\t<\/div>\n\t\t\t\t<section class=\"elementor-section elementor-inner-section elementor-element elementor-element-d2d1752 elementor-section-boxed elementor-section-height-default elementor-section-height-default\" data-id=\"d2d1752\" data-element_type=\"section\">\n\t\t\t\t\t\t<div class=\"elementor-container elementor-column-gap-default\">\n\t\t\t\t\t<div class=\"elementor-column elementor-col-33 elementor-inner-column elementor-element elementor-element-c257643\" data-id=\"c257643\" data-element_type=\"column\" data-settings=\"{&quot;background_background&quot;:&quot;classic&quot;}\">\n\t\t\t<div class=\"elementor-widget-wrap elementor-element-populated\">\n\t\t\t\t\t\t<div class=\"elementor-element elementor-element-e98909f elementor-view-stacked hp-icon-text elementor-position-top elementor-shape-circle elementor-mobile-position-top elementor-widget elementor-widget-icon-box\" data-id=\"e98909f\" data-element_type=\"widget\" data-widget_type=\"icon-box.default\">\n\t\t\t\t<div class=\"elementor-widget-container\">\n\t\t\t\t\t\t\t<div class=\"elementor-icon-box-wrapper\">\n\n\t\t\t\t\t\t<div class=\"elementor-icon-box-icon\">\n\t\t\t\t<span  class=\"elementor-icon\">\n\t\t\t\t<i aria-hidden=\"true\" class=\"fas fa-file-signature\"><\/i>\t\t\t\t<\/span>\n\t\t\t<\/div>\n\t\t\t\n\t\t\t\t\t\t<div class=\"elementor-icon-box-content\">\n\n\t\t\t\t\t\t\t\t\t<h3 class=\"elementor-icon-box-title\">\n\t\t\t\t\t\t<span  >\n\t\t\t\t\t\t\t18 \u0219edin\u021be\t\t\t\t\t\t<\/span>\n\t\t\t\t\t<\/h3>\n\t\t\t\t\n\t\t\t\t\t\t\t\t\t<p class=\"elementor-icon-box-description\">\n\t\t\t\t\t\tcare se desf\u0103\u015foar\u0103 s\u00e2mb\u0103ta \u015fi duminica, o dat\u0103 pe lun\u0103, \u00eentre orele 9-18;\t\t\t\t\t<\/p>\n\t\t\t\t\n\t\t\t<\/div>\n\t\t\t\n\t\t<\/div>\n\t\t\t\t\t\t<\/div>\n\t\t\t\t<\/div>\n\t\t\t\t\t<\/div>\n\t\t<\/div>\n\t\t\t\t<div class=\"elementor-column elementor-col-33 elementor-inner-column elementor-element elementor-element-6bc2301\" data-id=\"6bc2301\" data-element_type=\"column\" data-settings=\"{&quot;background_background&quot;:&quot;classic&quot;}\">\n\t\t\t<div class=\"elementor-widget-wrap elementor-element-populated\">\n\t\t\t\t\t\t<div class=\"elementor-element elementor-element-354535a elementor-view-stacked hp-icon-text elementor-shape-circle elementor-position-top elementor-mobile-position-top elementor-widget elementor-widget-icon-box\" data-id=\"354535a\" data-element_type=\"widget\" data-widget_type=\"icon-box.default\">\n\t\t\t\t<div class=\"elementor-widget-container\">\n\t\t\t\t\t\t\t<div class=\"elementor-icon-box-wrapper\">\n\n\t\t\t\t\t\t<div class=\"elementor-icon-box-icon\">\n\t\t\t\t<span  class=\"elementor-icon\">\n\t\t\t\t<i aria-hidden=\"true\" class=\"fas fa-chalkboard-teacher\"><\/i>\t\t\t\t<\/span>\n\t\t\t<\/div>\n\t\t\t\n\t\t\t\t\t\t<div class=\"elementor-icon-box-content\">\n\n\t\t\t\t\t\t\t\t\t<h3 class=\"elementor-icon-box-title\">\n\t\t\t\t\t\t<span  >\n\t\t\t\t\t\t\t10 \u0219edin\u021be\t\t\t\t\t\t<\/span>\n\t\t\t\t\t<\/h3>\n\t\t\t\t\n\t\t\t\t\t\t\t\t\t<p class=\"elementor-icon-box-description\">\n\t\t\t\t\t\tcare se des\u0103\u015foar\u0103 o dat\u0103 pe lun\u0103, \u00een weekend prelungit, respectiv vinerea \u00eentre orele 16-20 (reziden\u0163iat clinic), s\u00e2mbata \u015fi duminica \u00eentre orele 9-18;\t\t\t\t\t<\/p>\n\t\t\t\t\n\t\t\t<\/div>\n\t\t\t\n\t\t<\/div>\n\t\t\t\t\t\t<\/div>\n\t\t\t\t<\/div>\n\t\t\t\t\t<\/div>\n\t\t<\/div>\n\t\t\t\t<div class=\"elementor-column elementor-col-33 elementor-inner-column elementor-element elementor-element-b8a8ff7\" data-id=\"b8a8ff7\" data-element_type=\"column\" data-settings=\"{&quot;background_background&quot;:&quot;classic&quot;}\">\n\t\t\t<div class=\"elementor-widget-wrap elementor-element-populated\">\n\t\t\t\t\t\t<div class=\"elementor-element elementor-element-b2f0c67 elementor-view-stacked hp-icon-text elementor-shape-circle elementor-position-top elementor-mobile-position-top elementor-widget elementor-widget-icon-box\" data-id=\"b2f0c67\" data-element_type=\"widget\" data-widget_type=\"icon-box.default\">\n\t\t\t\t<div class=\"elementor-widget-container\">\n\t\t\t\t\t\t\t<div class=\"elementor-icon-box-wrapper\">\n\n\t\t\t\t\t\t<div class=\"elementor-icon-box-icon\">\n\t\t\t\t<span  class=\"elementor-icon\">\n\t\t\t\t<i aria-hidden=\"true\" class=\"far fa-edit\"><\/i>\t\t\t\t<\/span>\n\t\t\t<\/div>\n\t\t\t\n\t\t\t\t\t\t<div class=\"elementor-icon-box-content\">\n\n\t\t\t\t\t\t\t\t\t<h3 class=\"elementor-icon-box-title\">\n\t\t\t\t\t\t<span  >\n\t\t\t\t\t\t\t1 \u0219edin\u021b\u0103\t\t\t\t\t\t<\/span>\n\t\t\t\t\t<\/h3>\n\t\t\t\t\n\t\t\t\t\t\t\t\t\t<p class=\"elementor-icon-box-description\">\n\t\t\t\t\t\tExamenul final\t\t\t\t\t<\/p>\n\t\t\t\t\n\t\t\t<\/div>\n\t\t\t\n\t\t<\/div>\n\t\t\t\t\t\t<\/div>\n\t\t\t\t<\/div>\n\t\t\t\t\t<\/div>\n\t\t<\/div>\n\t\t\t\t\t<\/div>\n\t\t<\/section>\n\t\t\t\t<div class=\"elementor-element elementor-element-1477e16 elementor-widget elementor-widget-text-editor\" data-id=\"1477e16\" data-element_type=\"widget\" data-widget_type=\"text-editor.default\">\n\t\t\t\t<div class=\"elementor-widget-container\">\n\t\t\t\t\t\t\t\t\t<h3><strong>Formarea de baz\u0103 \u00een psihoterapie cognitiv-comportamental\u0103 con\u0163ine 10 module de curs:<\/strong><\/h3><ol><li>Modul &#8211; Psihodiagnostic \u015fi Evaluare Cognitiv-Comportamental\u0103 (3 sedin\u0163e)<\/li><li>Modul &#8211; Strategii \u015fi Tehnici ale Psihoterapiei Cognitiv-Comportamentale (3,5 sedin\u0163e)<\/li><li>Modul \u2013 Hipnoza clinic\u0103 \u015fi ericksonian\u0103 (3,5 sedin\u0163e)<\/li><li>Modul &#8211; Aplica\u0163ii Clinice ale Psihoterapiei Cognitiv-Comportamentale (3,5 sedin\u0163e)<\/li><li>Modul &#8211; Aplica\u0163ii ale Psihoterapiei Cognitiv-Comportamentale \u00een cuplu \u015fi familie (2 sedin\u0163e)<\/li><li>Modul &#8211; Aplica\u0163ii ale Psihoterapiei Cognitiv-Comportamentale la bolnavii somatic (2 sedin\u0163e)<\/li><li>Modul &#8211; Comunicare Terapeutic\u0103 (3,5 sedin\u0163e)<\/li><li>Modul &#8211; Aplica\u0163ii ale Psihoterapiei Cognitiv-Comportamentale \u00een cazurile dificile (3,5 sedin\u0163e)<\/li><li>Modul &#8211; Tendin\u0163e moderne \u00een psihoterapie (3,5 sedin\u0163e)<\/li><li>Modul &#8211; Reziden\u0163iat Clinic (10 sedin\u0163e\/4h)<\/li><li>Examen final \u015fi diploma \u2013 1 sedin\u0163\u0103<\/li><\/ol>\t\t\t\t\t\t\t\t<\/div>\n\t\t\t\t<\/div>\n\t\t\t\t\t<\/div>\n\t\t<\/div>\n\t\t\t\t\t<\/div>\n\t\t<\/section>\n\t\t\t\t<\/div>","protected":false},"excerpt":{"rendered":"<p>FORMARE DE BAZA \u00ceN PSIHOTERAPIE COGNITIV-COMPORTAMENTAL\u0102 &#8211; BUCURE\u015eTI ASOCIA\u0162IA DE HIPNOTERAPIE \u015eI PSIHOTERAPIE COGNITIV-COMPORTAMENTAL\u0102 (AHPCC), cu sediul \u00een Bucure\u015fti, CIF [&hellip;]<\/p>","protected":false},"author":1,"featured_media":0,"parent":0,"menu_order":0,"comment_status":"closed","ping_status":"closed","template":"page-full-width.php","meta":{"footnotes":""},"class_list":["post-14106","page","type-page","status-publish","hentry"],"yoast_head":"<!-- This site is optimized with the Yoast SEO plugin v26.4 - https:\/\/yoast.com\/wordpress\/plugins\/seo\/ -->\n<title>Formare profesionala initiala - AHPCC<\/title>\n<meta name=\"robots\" content=\"index, follow, max-snippet:-1, max-image-preview:large, max-video-preview:-1\" \/>\n<link rel=\"canonical\" href=\"https:\/\/ahpcc.ro\/en\/formare-profesionala-initiala\/\" \/>\n<meta property=\"og:locale\" content=\"en_US\" \/>\n<meta property=\"og:type\" content=\"article\" \/>\n<meta property=\"og:title\" content=\"Formare profesionala initiala - AHPCC\" \/>\n<meta property=\"og:description\" content=\"FORMARE DE BAZA \u00ceN PSIHOTERAPIE COGNITIV-COMPORTAMENTAL\u0102 &#8211; BUCURE\u015eTI ASOCIA\u0162IA DE HIPNOTERAPIE \u015eI PSIHOTERAPIE COGNITIV-COMPORTAMENTAL\u0102 (AHPCC), cu sediul \u00een Bucure\u015fti, CIF [&hellip;]\" \/>\n<meta property=\"og:url\" content=\"https:\/\/ahpcc.ro\/en\/formare-profesionala-initiala\/\" \/>\n<meta property=\"og:site_name\" content=\"AHPCC\" \/>\n<meta property=\"article:publisher\" content=\"https:\/\/www.facebook.com\/ahpcc.ro\/\" \/>\n<meta property=\"article:modified_time\" content=\"2023-08-14T09:03:38+00:00\" \/>\n<meta property=\"og:image\" content=\"https:\/\/ahpcc.ro\/wp-content\/uploads\/2023\/05\/publicatii-1024x683.jpg\" \/>\n<meta name=\"twitter:card\" content=\"summary_large_image\" \/>\n<meta name=\"twitter:label1\" content=\"Est. reading time\" \/>\n\t<meta name=\"twitter:data1\" content=\"2 minutes\" \/>\n<script type=\"application\/ld+json\" class=\"yoast-schema-graph\">{\"@context\":\"https:\/\/schema.org\",\"@graph\":[{\"@type\":\"WebPage\",\"@id\":\"https:\/\/ahpcc.ro\/formare-profesionala-initiala\/\",\"url\":\"https:\/\/ahpcc.ro\/formare-profesionala-initiala\/\",\"name\":\"Formare profesionala initiala - AHPCC\",\"isPartOf\":{\"@id\":\"https:\/\/ahpcc.ro\/#website\"},\"primaryImageOfPage\":{\"@id\":\"https:\/\/ahpcc.ro\/formare-profesionala-initiala\/#primaryimage\"},\"image\":{\"@id\":\"https:\/\/ahpcc.ro\/formare-profesionala-initiala\/#primaryimage\"},\"thumbnailUrl\":\"https:\/\/ahpcc.ro\/wp-content\/uploads\/2023\/05\/publicatii-1024x683.jpg\",\"datePublished\":\"2022-03-30T12:50:24+00:00\",\"dateModified\":\"2023-08-14T09:03:38+00:00\",\"breadcrumb\":{\"@id\":\"https:\/\/ahpcc.ro\/formare-profesionala-initiala\/#breadcrumb\"},\"inLanguage\":\"en-US\",\"potentialAction\":[{\"@type\":\"ReadAction\",\"target\":[\"https:\/\/ahpcc.ro\/formare-profesionala-initiala\/\"]}]},{\"@type\":\"ImageObject\",\"inLanguage\":\"en-US\",\"@id\":\"https:\/\/ahpcc.ro\/formare-profesionala-initiala\/#primaryimage\",\"url\":\"https:\/\/ahpcc.ro\/wp-content\/uploads\/2023\/05\/publicatii-1024x683.jpg\",\"contentUrl\":\"https:\/\/ahpcc.ro\/wp-content\/uploads\/2023\/05\/publicatii-1024x683.jpg\"},{\"@type\":\"BreadcrumbList\",\"@id\":\"https:\/\/ahpcc.ro\/formare-profesionala-initiala\/#breadcrumb\",\"itemListElement\":[{\"@type\":\"ListItem\",\"position\":1,\"name\":\"Prima pagin\u0103\",\"item\":\"https:\/\/ahpcc.ro\/\"},{\"@type\":\"ListItem\",\"position\":2,\"name\":\"Formare profesionala initiala\"}]},{\"@type\":\"WebSite\",\"@id\":\"https:\/\/ahpcc.ro\/#website\",\"url\":\"https:\/\/ahpcc.ro\/\",\"name\":\"AHPCC\",\"description\":\"Asociatia de Hipnoterapie si Psihoterapie Cognitiv-Comportamentala\",\"publisher\":{\"@id\":\"https:\/\/ahpcc.ro\/#organization\"},\"potentialAction\":[{\"@type\":\"SearchAction\",\"target\":{\"@type\":\"EntryPoint\",\"urlTemplate\":\"https:\/\/ahpcc.ro\/?s={search_term_string}\"},\"query-input\":{\"@type\":\"PropertyValueSpecification\",\"valueRequired\":true,\"valueName\":\"search_term_string\"}}],\"inLanguage\":\"en-US\"},{\"@type\":\"Organization\",\"@id\":\"https:\/\/ahpcc.ro\/#organization\",\"name\":\"AHPCC\",\"url\":\"https:\/\/ahpcc.ro\/\",\"logo\":{\"@type\":\"ImageObject\",\"inLanguage\":\"en-US\",\"@id\":\"https:\/\/ahpcc.ro\/#\/schema\/logo\/image\/\",\"url\":\"https:\/\/ahpcc.ro\/wp-content\/uploads\/2022\/03\/logo_ahpcc.png\",\"contentUrl\":\"https:\/\/ahpcc.ro\/wp-content\/uploads\/2022\/03\/logo_ahpcc.png\",\"width\":110,\"height\":110,\"caption\":\"AHPCC\"},\"image\":{\"@id\":\"https:\/\/ahpcc.ro\/#\/schema\/logo\/image\/\"},\"sameAs\":[\"https:\/\/www.facebook.com\/ahpcc.ro\/\"]}]}<\/script>\n<!-- \/ Yoast SEO plugin. -->","yoast_head_json":{"title":"Formare profesionala initiala - AHPCC","robots":{"index":"index","follow":"follow","max-snippet":"max-snippet:-1","max-image-preview":"max-image-preview:large","max-video-preview":"max-video-preview:-1"},"canonical":"https:\/\/ahpcc.ro\/en\/formare-profesionala-initiala\/","og_locale":"en_US","og_type":"article","og_title":"Formare profesionala initiala - AHPCC","og_description":"FORMARE DE BAZA \u00ceN PSIHOTERAPIE COGNITIV-COMPORTAMENTAL\u0102 &#8211; BUCURE\u015eTI ASOCIA\u0162IA DE HIPNOTERAPIE \u015eI PSIHOTERAPIE COGNITIV-COMPORTAMENTAL\u0102 (AHPCC), cu sediul \u00een Bucure\u015fti, CIF [&hellip;]","og_url":"https:\/\/ahpcc.ro\/en\/formare-profesionala-initiala\/","og_site_name":"AHPCC","article_publisher":"https:\/\/www.facebook.com\/ahpcc.ro\/","article_modified_time":"2023-08-14T09:03:38+00:00","og_image":[{"url":"https:\/\/ahpcc.ro\/wp-content\/uploads\/2023\/05\/publicatii-1024x683.jpg","type":"","width":"","height":""}],"twitter_card":"summary_large_image","twitter_misc":{"Est. reading time":"2 minutes"},"schema":{"@context":"https:\/\/schema.org","@graph":[{"@type":"WebPage","@id":"https:\/\/ahpcc.ro\/formare-profesionala-initiala\/","url":"https:\/\/ahpcc.ro\/formare-profesionala-initiala\/","name":"Formare profesionala initiala - AHPCC","isPartOf":{"@id":"https:\/\/ahpcc.ro\/#website"},"primaryImageOfPage":{"@id":"https:\/\/ahpcc.ro\/formare-profesionala-initiala\/#primaryimage"},"image":{"@id":"https:\/\/ahpcc.ro\/formare-profesionala-initiala\/#primaryimage"},"thumbnailUrl":"https:\/\/ahpcc.ro\/wp-content\/uploads\/2023\/05\/publicatii-1024x683.jpg","datePublished":"2022-03-30T12:50:24+00:00","dateModified":"2023-08-14T09:03:38+00:00","breadcrumb":{"@id":"https:\/\/ahpcc.ro\/formare-profesionala-initiala\/#breadcrumb"},"inLanguage":"en-US","potentialAction":[{"@type":"ReadAction","target":["https:\/\/ahpcc.ro\/formare-profesionala-initiala\/"]}]},{"@type":"ImageObject","inLanguage":"en-US","@id":"https:\/\/ahpcc.ro\/formare-profesionala-initiala\/#primaryimage","url":"https:\/\/ahpcc.ro\/wp-content\/uploads\/2023\/05\/publicatii-1024x683.jpg","contentUrl":"https:\/\/ahpcc.ro\/wp-content\/uploads\/2023\/05\/publicatii-1024x683.jpg"},{"@type":"BreadcrumbList","@id":"https:\/\/ahpcc.ro\/formare-profesionala-initiala\/#breadcrumb","itemListElement":[{"@type":"ListItem","position":1,"name":"Prima pagin\u0103","item":"https:\/\/ahpcc.ro\/"},{"@type":"ListItem","position":2,"name":"Formare profesionala initiala"}]},{"@type":"WebSite","@id":"https:\/\/ahpcc.ro\/#website","url":"https:\/\/ahpcc.ro\/","name":"AHPCC","description":"Asociatia de Hipnoterapie si Psihoterapie Cognitiv-Comportamentala","publisher":{"@id":"https:\/\/ahpcc.ro\/#organization"},"potentialAction":[{"@type":"SearchAction","target":{"@type":"EntryPoint","urlTemplate":"https:\/\/ahpcc.ro\/?s={search_term_string}"},"query-input":{"@type":"PropertyValueSpecification","valueRequired":true,"valueName":"search_term_string"}}],"inLanguage":"en-US"},{"@type":"Organization","@id":"https:\/\/ahpcc.ro\/#organization","name":"AHPCC","url":"https:\/\/ahpcc.ro\/","logo":{"@type":"ImageObject","inLanguage":"en-US","@id":"https:\/\/ahpcc.ro\/#\/schema\/logo\/image\/","url":"https:\/\/ahpcc.ro\/wp-content\/uploads\/2022\/03\/logo_ahpcc.png","contentUrl":"https:\/\/ahpcc.ro\/wp-content\/uploads\/2022\/03\/logo_ahpcc.png","width":110,"height":110,"caption":"AHPCC"},"image":{"@id":"https:\/\/ahpcc.ro\/#\/schema\/logo\/image\/"},"sameAs":["https:\/\/www.facebook.com\/ahpcc.ro\/"]}]}},"_links":{"self":[{"href":"https:\/\/ahpcc.ro\/en\/wp-json\/wp\/v2\/pages\/14106","targetHints":{"allow":["GET"]}}],"collection":[{"href":"https:\/\/ahpcc.ro\/en\/wp-json\/wp\/v2\/pages"}],"about":[{"href":"https:\/\/ahpcc.ro\/en\/wp-json\/wp\/v2\/types\/page"}],"author":[{"embeddable":true,"href":"https:\/\/ahpcc.ro\/en\/wp-json\/wp\/v2\/users\/1"}],"replies":[{"embeddable":true,"href":"https:\/\/ahpcc.ro\/en\/wp-json\/wp\/v2\/comments?post=14106"}],"version-history":[{"count":47,"href":"https:\/\/ahpcc.ro\/en\/wp-json\/wp\/v2\/pages\/14106\/revisions"}],"predecessor-version":[{"id":15006,"href":"https:\/\/ahpcc.ro\/en\/wp-json\/wp\/v2\/pages\/14106\/revisions\/15006"}],"wp:attachment":[{"href":"https:\/\/ahpcc.ro\/en\/wp-json\/wp\/v2\/media?parent=14106"}],"curies":[{"name":"wp","href":"https:\/\/api.w.org\/{rel}","templated":true}]}}