{"id":8604,"date":"2020-01-02T12:48:05","date_gmt":"2020-01-02T12:48:05","guid":{"rendered":"http:\/\/edumodowp.demo.dev\/?post_type=tribe_events&#038;p=3672"},"modified":"2023-05-24T13:09:37","modified_gmt":"2023-05-24T13:09:37","slug":"scoala-de-vara-familia-functionala","status":"publish","type":"tribe_events","link":"https:\/\/ahpcc.ro\/en\/event\/scoala-de-vara-familia-functionala\/","title":{"rendered":"\u015ecoala de var\u0103 cu tema: \u201cFamilia functionala \u2013 abordari cognitiv-comportamentale in terapia de cuplu si familie\u201d RASNOV, 02 \u2013 08 SEPTEMBRIE 2013"},"content":{"rendered":"<p style=\"font-weight: 400; text-align: center;\"><strong><em>Asociatia de Hipnoterapie si Psihoterapie Cognitiv-Comportamentala<\/em><\/strong><strong><em><br \/>\nv\u0103 invita la \u015ecoala de var\u0103 cu tema: \u201cFamilia functionala \u2013 abordari cognitiv-comportamentale in terapia de cuplu si familie\u201d<br \/>\nRASNOV, 02 \u2013 08 SEPTEMBRIE 2013,<\/em><\/strong><\/p>\n<p style=\"font-weight: 400; text-align: center;\"><strong><em>eveniment acreditat de c\u0103tre Colegiul Psihologilor din Rom\u00e2nia<\/em><\/strong><\/p>\n<p style=\"text-align: center;\">Suntem incantati sa va anuntam ca aceasta este<\/p>\n<p style=\"font-weight: 400; text-align: center;\"><strong>cea de-a treia editie a Scolii de Vara organizata sub egida AHPCC<\/strong><\/p>\n<p style=\"font-weight: 400;\">Workshop-urile din cadrul \u015ecolii de var\u0103 vor avea urmatoarea tematica:<\/p>\n<ul>\n<li style=\"font-weight: 400;\"><strong>Introducere in terapia de cuplu \u0219i familie<\/strong>\u00a0\u2013 Lect. Univ.Dr. Valentina Neac\u015fu si Lect. Univ.Dr. M\u0103d\u0103lina Petrescu<\/li>\n<li style=\"font-weight: 400;\"><strong>Un model psihoterapeutic eclectic utilizat \u00een psihoterapia de cuplu \u015fi familie &#8211; C<\/strong>onf.univ.dr. Odette Dimitriu<\/li>\n<li style=\"font-weight: 400;\"><strong>Abordarea cognitiv-comportamental\u0103 a problemelor sexuale \u00een cuplu: un caz de frigiditate<\/strong>\u00a0\u2013 Asist. Univ. Dr. Petri\u015for \u0162epurlui<\/li>\n<li style=\"font-weight: 400;\"><strong>Integrarea tehnicilor de comunicare non-verbala si a lucrului corporal in terapia de cuplu si familie<\/strong>\u00a0\u2013 Psih. Cristina Sterie<\/li>\n<li style=\"font-weight: 400;\"><strong>Interven\u0163ii CBT utilizate \u00een situa\u0163ia infidelit\u0103\u0163ii \u00een cuplu<\/strong>\u00a0\u2013 Asist. Univ. Drd. Barbara Cr\u0103ciun<\/li>\n<li style=\"font-weight: 400;\"><strong>Tehnici de comunicare eficient\u0103 \u015fi dezvoltare a asertivit\u0103\u0163ii\u00a0 pentru rela\u0163ii emo\u0163ionale s\u0103n\u0103toase \u00een cupluri \u015fi familii \u2013\u00a0<\/strong>Psih.<strong>\u00a0<\/strong>Lucian Negoita<\/li>\n<li style=\"font-weight: 400;\"><strong>Metode de evaluare si strategii de interventie in psihoterapia copilului si adolescentului<\/strong>\u00a0\u2013 Psih. Virginia Corduneanu<\/li>\n<li style=\"font-weight: 400;\"><strong>Terapia asistat\u0103 de animale \u2013 cai \u2013\u00a0<\/strong>Psih.<strong>\u00a0<\/strong>Maria Bogoescu si Psih. Nicoleta Grigore<\/li>\n<\/ul>\n<p style=\"font-weight: 400;\"><strong><em>Scoala de vara se desfasoara in Rasnov, la o distanta\u00a0 mica de Cetatea Rasnovului, Castelul Bran si Poiana Brasov, astfel ca in timpul liber vom putea desfasura diverse activitati fie in grup, fie va veti putea delecta asa cum doriti in peisajul superb din imprejurimi.<\/em><\/strong><\/p>\n<p style=\"font-weight: 400;\"><strong><em>Pentru cei care doresc sa se mentina in forma va anuntam ca diminetile veti putea sa va alaturati Cristinei pentru o ora de Yoga revigoranta inainte de inceperea workshop-urilor si de micul dejun.<\/em><\/strong><\/p>\n<p style=\"font-weight: 400;\"><strong>Cui se adreseaz\u0103<\/strong>: psihologilor clinicieni, psihoterapeu\u0163ilor, studen\u0163ilor la psihologie sau facultati similare \u015fi tuturor celor interesa\u0163i de evolu\u0163ia personal\u0103.<br \/>\n<strong>Cazarea si masa<\/strong>\u00a0vor fi asigurate de prietenii nostril de la\u00a0<strong>Pensiunea Rasnov<\/strong>\u00a0(<a href=\"http:\/\/www.pensiunearasnov.ro\/\">http:\/\/www.pensiunearasnov.ro\/<\/a>), unde va veti bucura de aer curat, curte cu foisor, teren de fotbal si fileu de volei.<br \/>\n<strong>Deplasarea:<\/strong>\u00a0aranajmentele de deplasare se vor face individual. Cine vine cu masina si este dispus sa calatoreasca impreuna cu alti colegi va da de stire organizatorilor.<\/p>\n<p><strong>Costuri<\/strong>: 1300 RON \/ persoan\u0103 (include cazarea timp de 6 nopti, 3 mese pe zi, diplomele de participare din partea Colegiului Psihologilor \u015fi participarea la workshop-uri)<br \/>\n<strong>REDUCERI\u00a0<\/strong>\u2013 membrii AHPCC vor beneficia de reducere, achitand doar 1200 RON (daca au cotizatia platita la zi)<\/p>\n<p>Pentru \u00eenscrieri \u015fi alte informatii:<br \/>\npute\u0163i suna la numerele de telefon 0724.218.088 sau 0730.028.680<br \/>\nsi prin e-mail:\u00a0<a href=\"mailto:csterie@yahoo.com\">csterie@yahoo.com<\/a><\/p>","protected":false},"excerpt":{"rendered":"<p>Ce stim dupa 40 de ani de cercetari in psihoterapie? Stim care sunt acele strategii eficiente in cabinet, indiferent de orientarea teoretica a psihoterapeutului!<\/p>","protected":false},"author":1,"featured_media":14789,"template":"","meta":{"_tribe_events_status":"","_tribe_events_status_reason":"","footnotes":""},"tags":[],"tribe_events_cat":[256],"class_list":["post-8604","tribe_events","type-tribe_events","status-publish","has-post-thumbnail","hentry","tribe_events_cat-evenimente","cat_evenimente"],"yoast_head":"<!-- This site is optimized with the Yoast SEO plugin v26.4 - https:\/\/yoast.com\/wordpress\/plugins\/seo\/ -->\n<title>\u015ecoala de var\u0103 cu tema: \u201cFamilia functionala \u2013 abordari cognitiv-comportamentale in terapia de cuplu si familie\u201d RASNOV, 02 \u2013 08 SEPTEMBRIE 2013 - AHPCC<\/title>\n<meta name=\"robots\" content=\"index, follow, max-snippet:-1, max-image-preview:large, max-video-preview:-1\" \/>\n<link rel=\"canonical\" href=\"https:\/\/ahpcc.ro\/en\/event\/scoala-de-vara-familia-functionala\/\" \/>\n<meta property=\"og:locale\" content=\"en_US\" \/>\n<meta property=\"og:type\" content=\"article\" \/>\n<meta property=\"og:title\" content=\"\u015ecoala de var\u0103 cu tema: \u201cFamilia functionala \u2013 abordari cognitiv-comportamentale in terapia de cuplu si familie\u201d RASNOV, 02 \u2013 08 SEPTEMBRIE 2013 - AHPCC\" \/>\n<meta property=\"og:description\" content=\"Ce stim dupa 40 de ani de cercetari in psihoterapie? Stim care sunt acele strategii eficiente in cabinet, indiferent de orientarea teoretica a psihoterapeutului!\" \/>\n<meta property=\"og:url\" content=\"https:\/\/ahpcc.ro\/en\/event\/scoala-de-vara-familia-functionala\/\" \/>\n<meta property=\"og:site_name\" content=\"AHPCC\" \/>\n<meta property=\"article:publisher\" content=\"https:\/\/www.facebook.com\/ahpcc.ro\/\" \/>\n<meta property=\"article:modified_time\" content=\"2023-05-24T13:09:37+00:00\" \/>\n<meta property=\"og:image\" content=\"https:\/\/ahpcc.ro\/wp-content\/uploads\/2020\/01\/workshop-03.jpg\" \/>\n\t<meta property=\"og:image:width\" content=\"1920\" \/>\n\t<meta property=\"og:image:height\" content=\"1280\" \/>\n\t<meta property=\"og:image:type\" content=\"image\/jpeg\" \/>\n<meta name=\"twitter:card\" content=\"summary_large_image\" \/>\n<meta name=\"twitter:label1\" content=\"Est. reading time\" \/>\n\t<meta name=\"twitter:data1\" content=\"2 minutes\" \/>\n<script type=\"application\/ld+json\" class=\"yoast-schema-graph\">{\"@context\":\"https:\/\/schema.org\",\"@graph\":[{\"@type\":\"WebPage\",\"@id\":\"https:\/\/ahpcc.ro\/event\/scoala-de-vara-familia-functionala\/\",\"url\":\"https:\/\/ahpcc.ro\/event\/scoala-de-vara-familia-functionala\/\",\"name\":\"\u015ecoala de var\u0103 cu tema: \u201cFamilia functionala \u2013 abordari cognitiv-comportamentale in terapia de cuplu si familie\u201d RASNOV, 02 \u2013 08 SEPTEMBRIE 2013 - AHPCC\",\"isPartOf\":{\"@id\":\"https:\/\/ahpcc.ro\/#website\"},\"primaryImageOfPage\":{\"@id\":\"https:\/\/ahpcc.ro\/event\/scoala-de-vara-familia-functionala\/#primaryimage\"},\"image\":{\"@id\":\"https:\/\/ahpcc.ro\/event\/scoala-de-vara-familia-functionala\/#primaryimage\"},\"thumbnailUrl\":\"https:\/\/ahpcc.ro\/wp-content\/uploads\/2020\/01\/workshop-03.jpg\",\"datePublished\":\"2020-01-02T12:48:05+00:00\",\"dateModified\":\"2023-05-24T13:09:37+00:00\",\"breadcrumb\":{\"@id\":\"https:\/\/ahpcc.ro\/event\/scoala-de-vara-familia-functionala\/#breadcrumb\"},\"inLanguage\":\"en-US\",\"potentialAction\":[{\"@type\":\"ReadAction\",\"target\":[\"https:\/\/ahpcc.ro\/event\/scoala-de-vara-familia-functionala\/\"]}]},{\"@type\":\"ImageObject\",\"inLanguage\":\"en-US\",\"@id\":\"https:\/\/ahpcc.ro\/event\/scoala-de-vara-familia-functionala\/#primaryimage\",\"url\":\"https:\/\/ahpcc.ro\/wp-content\/uploads\/2020\/01\/workshop-03.jpg\",\"contentUrl\":\"https:\/\/ahpcc.ro\/wp-content\/uploads\/2020\/01\/workshop-03.jpg\",\"width\":1920,\"height\":1280},{\"@type\":\"BreadcrumbList\",\"@id\":\"https:\/\/ahpcc.ro\/event\/scoala-de-vara-familia-functionala\/#breadcrumb\",\"itemListElement\":[{\"@type\":\"ListItem\",\"position\":1,\"name\":\"Prima pagin\u0103\",\"item\":\"https:\/\/ahpcc.ro\/\"},{\"@type\":\"ListItem\",\"position\":2,\"name\":\"Evenimente\",\"item\":\"https:\/\/ahpcc.ro\/events\/\"},{\"@type\":\"ListItem\",\"position\":3,\"name\":\"\u015ecoala de var\u0103 cu tema: \u201cFamilia functionala \u2013 abordari cognitiv-comportamentale in terapia de cuplu si familie\u201d RASNOV, 02 \u2013 08 SEPTEMBRIE 2013\"}]},{\"@type\":\"WebSite\",\"@id\":\"https:\/\/ahpcc.ro\/#website\",\"url\":\"https:\/\/ahpcc.ro\/\",\"name\":\"AHPCC\",\"description\":\"Asociatia de Hipnoterapie si Psihoterapie Cognitiv-Comportamentala\",\"publisher\":{\"@id\":\"https:\/\/ahpcc.ro\/#organization\"},\"potentialAction\":[{\"@type\":\"SearchAction\",\"target\":{\"@type\":\"EntryPoint\",\"urlTemplate\":\"https:\/\/ahpcc.ro\/?s={search_term_string}\"},\"query-input\":{\"@type\":\"PropertyValueSpecification\",\"valueRequired\":true,\"valueName\":\"search_term_string\"}}],\"inLanguage\":\"en-US\"},{\"@type\":\"Organization\",\"@id\":\"https:\/\/ahpcc.ro\/#organization\",\"name\":\"AHPCC\",\"url\":\"https:\/\/ahpcc.ro\/\",\"logo\":{\"@type\":\"ImageObject\",\"inLanguage\":\"en-US\",\"@id\":\"https:\/\/ahpcc.ro\/#\/schema\/logo\/image\/\",\"url\":\"https:\/\/ahpcc.ro\/wp-content\/uploads\/2022\/03\/logo_ahpcc.png\",\"contentUrl\":\"https:\/\/ahpcc.ro\/wp-content\/uploads\/2022\/03\/logo_ahpcc.png\",\"width\":110,\"height\":110,\"caption\":\"AHPCC\"},\"image\":{\"@id\":\"https:\/\/ahpcc.ro\/#\/schema\/logo\/image\/\"},\"sameAs\":[\"https:\/\/www.facebook.com\/ahpcc.ro\/\"]}]}<\/script>\n<!-- \/ Yoast SEO plugin. -->","yoast_head_json":{"title":"\u015ecoala de var\u0103 cu tema: \u201cFamilia functionala \u2013 abordari cognitiv-comportamentale in terapia de cuplu si familie\u201d RASNOV, 02 \u2013 08 SEPTEMBRIE 2013 - AHPCC","robots":{"index":"index","follow":"follow","max-snippet":"max-snippet:-1","max-image-preview":"max-image-preview:large","max-video-preview":"max-video-preview:-1"},"canonical":"https:\/\/ahpcc.ro\/en\/event\/scoala-de-vara-familia-functionala\/","og_locale":"en_US","og_type":"article","og_title":"\u015ecoala de var\u0103 cu tema: \u201cFamilia functionala \u2013 abordari cognitiv-comportamentale in terapia de cuplu si familie\u201d RASNOV, 02 \u2013 08 SEPTEMBRIE 2013 - AHPCC","og_description":"Ce stim dupa 40 de ani de cercetari in psihoterapie? Stim care sunt acele strategii eficiente in cabinet, indiferent de orientarea teoretica a psihoterapeutului!","og_url":"https:\/\/ahpcc.ro\/en\/event\/scoala-de-vara-familia-functionala\/","og_site_name":"AHPCC","article_publisher":"https:\/\/www.facebook.com\/ahpcc.ro\/","article_modified_time":"2023-05-24T13:09:37+00:00","og_image":[{"width":1920,"height":1280,"url":"https:\/\/ahpcc.ro\/wp-content\/uploads\/2020\/01\/workshop-03.jpg","type":"image\/jpeg"}],"twitter_card":"summary_large_image","twitter_misc":{"Est. reading time":"2 minutes"},"schema":{"@context":"https:\/\/schema.org","@graph":[{"@type":"WebPage","@id":"https:\/\/ahpcc.ro\/event\/scoala-de-vara-familia-functionala\/","url":"https:\/\/ahpcc.ro\/event\/scoala-de-vara-familia-functionala\/","name":"\u015ecoala de var\u0103 cu tema: \u201cFamilia functionala \u2013 abordari cognitiv-comportamentale in terapia de cuplu si familie\u201d RASNOV, 02 \u2013 08 SEPTEMBRIE 2013 - AHPCC","isPartOf":{"@id":"https:\/\/ahpcc.ro\/#website"},"primaryImageOfPage":{"@id":"https:\/\/ahpcc.ro\/event\/scoala-de-vara-familia-functionala\/#primaryimage"},"image":{"@id":"https:\/\/ahpcc.ro\/event\/scoala-de-vara-familia-functionala\/#primaryimage"},"thumbnailUrl":"https:\/\/ahpcc.ro\/wp-content\/uploads\/2020\/01\/workshop-03.jpg","datePublished":"2020-01-02T12:48:05+00:00","dateModified":"2023-05-24T13:09:37+00:00","breadcrumb":{"@id":"https:\/\/ahpcc.ro\/event\/scoala-de-vara-familia-functionala\/#breadcrumb"},"inLanguage":"en-US","potentialAction":[{"@type":"ReadAction","target":["https:\/\/ahpcc.ro\/event\/scoala-de-vara-familia-functionala\/"]}]},{"@type":"ImageObject","inLanguage":"en-US","@id":"https:\/\/ahpcc.ro\/event\/scoala-de-vara-familia-functionala\/#primaryimage","url":"https:\/\/ahpcc.ro\/wp-content\/uploads\/2020\/01\/workshop-03.jpg","contentUrl":"https:\/\/ahpcc.ro\/wp-content\/uploads\/2020\/01\/workshop-03.jpg","width":1920,"height":1280},{"@type":"BreadcrumbList","@id":"https:\/\/ahpcc.ro\/event\/scoala-de-vara-familia-functionala\/#breadcrumb","itemListElement":[{"@type":"ListItem","position":1,"name":"Prima pagin\u0103","item":"https:\/\/ahpcc.ro\/"},{"@type":"ListItem","position":2,"name":"Evenimente","item":"https:\/\/ahpcc.ro\/events\/"},{"@type":"ListItem","position":3,"name":"\u015ecoala de var\u0103 cu tema: \u201cFamilia functionala \u2013 abordari cognitiv-comportamentale in terapia de cuplu si familie\u201d RASNOV, 02 \u2013 08 SEPTEMBRIE 2013"}]},{"@type":"WebSite","@id":"https:\/\/ahpcc.ro\/#website","url":"https:\/\/ahpcc.ro\/","name":"AHPCC","description":"Asociatia de Hipnoterapie si Psihoterapie Cognitiv-Comportamentala","publisher":{"@id":"https:\/\/ahpcc.ro\/#organization"},"potentialAction":[{"@type":"SearchAction","target":{"@type":"EntryPoint","urlTemplate":"https:\/\/ahpcc.ro\/?s={search_term_string}"},"query-input":{"@type":"PropertyValueSpecification","valueRequired":true,"valueName":"search_term_string"}}],"inLanguage":"en-US"},{"@type":"Organization","@id":"https:\/\/ahpcc.ro\/#organization","name":"AHPCC","url":"https:\/\/ahpcc.ro\/","logo":{"@type":"ImageObject","inLanguage":"en-US","@id":"https:\/\/ahpcc.ro\/#\/schema\/logo\/image\/","url":"https:\/\/ahpcc.ro\/wp-content\/uploads\/2022\/03\/logo_ahpcc.png","contentUrl":"https:\/\/ahpcc.ro\/wp-content\/uploads\/2022\/03\/logo_ahpcc.png","width":110,"height":110,"caption":"AHPCC"},"image":{"@id":"https:\/\/ahpcc.ro\/#\/schema\/logo\/image\/"},"sameAs":["https:\/\/www.facebook.com\/ahpcc.ro\/"]}]}},"_links":{"self":[{"href":"https:\/\/ahpcc.ro\/en\/wp-json\/wp\/v2\/tribe_events\/8604","targetHints":{"allow":["GET"]}}],"collection":[{"href":"https:\/\/ahpcc.ro\/en\/wp-json\/wp\/v2\/tribe_events"}],"about":[{"href":"https:\/\/ahpcc.ro\/en\/wp-json\/wp\/v2\/types\/tribe_events"}],"author":[{"embeddable":true,"href":"https:\/\/ahpcc.ro\/en\/wp-json\/wp\/v2\/users\/1"}],"version-history":[{"count":5,"href":"https:\/\/ahpcc.ro\/en\/wp-json\/wp\/v2\/tribe_events\/8604\/revisions"}],"predecessor-version":[{"id":14788,"href":"https:\/\/ahpcc.ro\/en\/wp-json\/wp\/v2\/tribe_events\/8604\/revisions\/14788"}],"wp:featuredmedia":[{"embeddable":true,"href":"https:\/\/ahpcc.ro\/en\/wp-json\/wp\/v2\/media\/14789"}],"wp:attachment":[{"href":"https:\/\/ahpcc.ro\/en\/wp-json\/wp\/v2\/media?parent=8604"}],"wp:term":[{"taxonomy":"post_tag","embeddable":true,"href":"https:\/\/ahpcc.ro\/en\/wp-json\/wp\/v2\/tags?post=8604"},{"taxonomy":"tribe_events_cat","embeddable":true,"href":"https:\/\/ahpcc.ro\/en\/wp-json\/wp\/v2\/tribe_events_cat?post=8604"}],"curies":[{"name":"wp","href":"https:\/\/api.w.org\/{rel}","templated":true}]}}